{"id":28,"date":"2018-08-31T16:32:07","date_gmt":"2018-08-31T16:32:07","guid":{"rendered":"http:\/\/oratorium-ingolstadt.de\/?page_id=28"},"modified":"2025-10-30T09:11:59","modified_gmt":"2025-10-30T09:11:59","slug":"aktuelles","status":"publish","type":"page","link":"https:\/\/oratorium-ingolstadt.de\/?page_id=28","title":{"rendered":"Aktivit\u00e4ten"},"content":{"rendered":"\n<h2 class=\"wp-block-heading\">01. November 2025: Erhebung des ersten Oratorianers zum 38. Kirchenlehrer.<\/h2>\n\n\n\n<figure class=\"wp-block-image size-large\"><img loading=\"lazy\" decoding=\"async\" width=\"984\" height=\"1024\" src=\"http:\/\/oratorium-ingolstadt.de\/wp-content\/uploads\/2025\/10\/John-Henry-Newman-984x1024.jpg\" alt=\"Der neue Kirchenlehrer John Henry Kardinal Newman\" class=\"wp-image-819\" srcset=\"https:\/\/oratorium-ingolstadt.de\/wp-content\/uploads\/2025\/10\/John-Henry-Newman-984x1024.jpg 984w, https:\/\/oratorium-ingolstadt.de\/wp-content\/uploads\/2025\/10\/John-Henry-Newman-288x300.jpg 288w, https:\/\/oratorium-ingolstadt.de\/wp-content\/uploads\/2025\/10\/John-Henry-Newman-768x800.jpg 768w, https:\/\/oratorium-ingolstadt.de\/wp-content\/uploads\/2025\/10\/John-Henry-Newman-1475x1536.jpg 1475w, https:\/\/oratorium-ingolstadt.de\/wp-content\/uploads\/2025\/10\/John-Henry-Newman-1967x2048.jpg 1967w\" sizes=\"(max-width: 984px) 100vw, 984px\" \/><\/figure>\n\n\n\n<p>Papst Leo nimmt John Henry Kardinal Newman in die Liste der Kirchenlehrer auf. Der englische Kardinal, der von 1801 bis 1890 lebte, habe \u201eentscheidend zur Erneuerung der Theologie und zum Verst\u00e4ndnis der christlichen Lehre in ihrer Entwicklung beigetragen\u201c, so Leo XIV. <\/p>\n\n\n\n<p>Voller Freude blicken wir Oratorianer auf diesen Tag und feiern am Montag, den 3.11.2025 auf der ganzen Welt Dankmessen f\u00fcr diese besondere Auszeichnung. M\u00f6ge Gott unseren H\u00e4usern Bestand und Nachwuchs verleihen.<\/p>\n\n\n\n<h2 class=\"wp-block-heading\">Am 16.12. erstmals in der Franziskanerbasilika: unser charismatischer Lobpreisgottesdienst<\/h2>\n\n\n\n<figure class=\"wp-block-image size-large\"><img loading=\"lazy\" decoding=\"async\" width=\"576\" height=\"1024\" src=\"https:\/\/oratorium-ingolstadt.de\/wp-content\/uploads\/2023\/11\/Flyer-Lobpreisgottesdienst-Vorderseite-576x1024.jpg\" alt=\"\" class=\"wp-image-736\" srcset=\"https:\/\/oratorium-ingolstadt.de\/wp-content\/uploads\/2023\/11\/Flyer-Lobpreisgottesdienst-Vorderseite-576x1024.jpg 576w, https:\/\/oratorium-ingolstadt.de\/wp-content\/uploads\/2023\/11\/Flyer-Lobpreisgottesdienst-Vorderseite-169x300.jpg 169w, https:\/\/oratorium-ingolstadt.de\/wp-content\/uploads\/2023\/11\/Flyer-Lobpreisgottesdienst-Vorderseite-768x1365.jpg 768w, https:\/\/oratorium-ingolstadt.de\/wp-content\/uploads\/2023\/11\/Flyer-Lobpreisgottesdienst-Vorderseite-864x1536.jpg 864w, https:\/\/oratorium-ingolstadt.de\/wp-content\/uploads\/2023\/11\/Flyer-Lobpreisgottesdienst-Vorderseite.jpg 900w\" sizes=\"(max-width: 576px) 100vw, 576px\" \/><\/figure>\n\n\n\n<h2 class=\"wp-block-heading\">Start eines neuen Formats am 30.11.2023: Das Abendoratorium in der Franziskanerbasilika<\/h2>\n\n\n\n<figure class=\"wp-block-image size-large\"><img loading=\"lazy\" decoding=\"async\" width=\"576\" height=\"1024\" src=\"https:\/\/oratorium-ingolstadt.de\/wp-content\/uploads\/2023\/11\/Flyer-Abendoratorium-576x1024.jpg\" alt=\"\" class=\"wp-image-735\" srcset=\"https:\/\/oratorium-ingolstadt.de\/wp-content\/uploads\/2023\/11\/Flyer-Abendoratorium-576x1024.jpg 576w, https:\/\/oratorium-ingolstadt.de\/wp-content\/uploads\/2023\/11\/Flyer-Abendoratorium-169x300.jpg 169w, https:\/\/oratorium-ingolstadt.de\/wp-content\/uploads\/2023\/11\/Flyer-Abendoratorium-768x1365.jpg 768w, https:\/\/oratorium-ingolstadt.de\/wp-content\/uploads\/2023\/11\/Flyer-Abendoratorium-864x1536.jpg 864w, https:\/\/oratorium-ingolstadt.de\/wp-content\/uploads\/2023\/11\/Flyer-Abendoratorium.jpg 900w\" sizes=\"(max-width: 576px) 100vw, 576px\" \/><\/figure>\n\n\n\n<h2 class=\"wp-block-heading\">Einkleidung von Frater Philipp<\/h2>\n\n\n\n<figure class=\"wp-block-image size-large\"><img loading=\"lazy\" decoding=\"async\" width=\"768\" height=\"1024\" src=\"https:\/\/oratorium-ingolstadt.de\/wp-content\/uploads\/2023\/08\/230817-Einkleidung-Philipp-Luerken-Versprechen-768x1024.jpg\" alt=\"\" class=\"wp-image-721\" srcset=\"https:\/\/oratorium-ingolstadt.de\/wp-content\/uploads\/2023\/08\/230817-Einkleidung-Philipp-Luerken-Versprechen-768x1024.jpg 768w, https:\/\/oratorium-ingolstadt.de\/wp-content\/uploads\/2023\/08\/230817-Einkleidung-Philipp-Luerken-Versprechen-225x300.jpg 225w, https:\/\/oratorium-ingolstadt.de\/wp-content\/uploads\/2023\/08\/230817-Einkleidung-Philipp-Luerken-Versprechen-1152x1536.jpg 1152w, https:\/\/oratorium-ingolstadt.de\/wp-content\/uploads\/2023\/08\/230817-Einkleidung-Philipp-Luerken-Versprechen-1536x2048.jpg 1536w, https:\/\/oratorium-ingolstadt.de\/wp-content\/uploads\/2023\/08\/230817-Einkleidung-Philipp-Luerken-Versprechen-scaled.jpg 1920w\" sizes=\"(max-width: 768px) 100vw, 768px\" \/><figcaption class=\"wp-element-caption\">17. August 2023: Mit der Einkleidung von Frater Philipp haben wir wieder einen vierten Mann im Oratorium. Mit diesem Schritt beginnt er die Phase der sogenannten Probation, die drei Jahre dauern wird. Danach kann er sich entscheiden, dauerhaft im Oratorium zu bleiben.<\/figcaption><\/figure>\n\n\n\n<p><\/p>\n\n\n\n<h2 class=\"wp-block-heading\">Konrektorat der Franziskanerkirche f\u00fcr P. Lorenz<\/h2>\n\n\n\n<figure class=\"wp-block-image size-large\"><img decoding=\"async\" src=\"https:\/\/ingolstadt.bayern-online.de\/typo3temp\/pics\/franziskaner_kirche_ingolstadt_01_073cefe39d.jpg\" alt=\"\"\/><\/figure>\n\n\n\n<p>Mit Datum vom 7. Juli 2023 wurde P. Lorenz zum Konrektor der Franziskanerkirche ernannt, der M\u00fcnsterpfarrer Bernhard Oswald zum Kirchenrektor. F\u00fcr den Zeitpunkt der kanonischen Errichtung unserer Gemeinschaft (also wenn das &#8222;Vor-&#8220; wegf\u00e4llt) kann das Rektorat auf das Oratorium \u00fcbergehen. Damit besteht die M\u00f6glichkeit, dass wir in Ingolstadt eine Oratoriums-Kirche bekommen k\u00f6nnten.<\/p>\n\n\n\n<h2 class=\"wp-block-heading\">Unsere Beichtzeiten in St. Moritz<\/h2>\n\n\n\n<p>Montag 18.15-19.00 Uhr \/ P. Lorenz<br>Dienstag 18.15-19.00 Uhr \/ P. Ralph<br>Mittwoch 18.15-19.00 Uhr \/ P. Hubert<br>Donnerstag 16.00-17.00 Uhr \/ P. Hubert<br>                    18.15-19.00 Uhr \/P. Hubert\/Lorenz<br>Freitag 16.00-17.00 Uhr \/ P. Ralph<br>                    18.15-19.00 Uhr \/ P. Ralph<br>Samstag 16.00-17.00 Uhr \/ P. Hubert<\/p>\n\n\n\n<h2 class=\"wp-block-heading\">Pfingstvigil 2023<\/h2>\n\n\n\n<figure class=\"wp-block-image size-large\"><img loading=\"lazy\" decoding=\"async\" width=\"725\" height=\"1024\" src=\"https:\/\/oratorium-ingolstadt.de\/wp-content\/uploads\/2023\/05\/Pfingstvigil-2023-beschriftet-725x1024.jpg\" alt=\"\" class=\"wp-image-707\" srcset=\"https:\/\/oratorium-ingolstadt.de\/wp-content\/uploads\/2023\/05\/Pfingstvigil-2023-beschriftet-725x1024.jpg 725w, https:\/\/oratorium-ingolstadt.de\/wp-content\/uploads\/2023\/05\/Pfingstvigil-2023-beschriftet-212x300.jpg 212w, https:\/\/oratorium-ingolstadt.de\/wp-content\/uploads\/2023\/05\/Pfingstvigil-2023-beschriftet-768x1085.jpg 768w, https:\/\/oratorium-ingolstadt.de\/wp-content\/uploads\/2023\/05\/Pfingstvigil-2023-beschriftet-1088x1536.jpg 1088w, https:\/\/oratorium-ingolstadt.de\/wp-content\/uploads\/2023\/05\/Pfingstvigil-2023-beschriftet.jpg 1242w\" sizes=\"(max-width: 725px) 100vw, 725px\" \/><\/figure>\n\n\n\n<h2 class=\"wp-block-heading\">Philippsfest 2023 mit Einweihung des neu gestalteten Oratoriums<\/h2>\n\n\n\n<div class=\"wp-block-columns is-layout-flex wp-container-core-columns-is-layout-1 wp-block-columns-is-layout-flex\">\n<div class=\"wp-block-column is-layout-flow wp-block-column-is-layout-flow\" style=\"flex-basis:100%\">\n<figure class=\"wp-block-gallery has-nested-images columns-default is-cropped wp-block-gallery-1 is-layout-flex wp-block-gallery-is-layout-flex\">\n<figure class=\"wp-block-image size-full is-style-default\"><img loading=\"lazy\" decoding=\"async\" width=\"768\" height=\"1024\" src=\"https:\/\/oratorium-ingolstadt.de\/wp-content\/uploads\/2023\/05\/230526-Einweihungsfeier-3.jpg\" alt=\"\" class=\"wp-image-706\" srcset=\"https:\/\/oratorium-ingolstadt.de\/wp-content\/uploads\/2023\/05\/230526-Einweihungsfeier-3.jpg 768w, https:\/\/oratorium-ingolstadt.de\/wp-content\/uploads\/2023\/05\/230526-Einweihungsfeier-3-225x300.jpg 225w\" sizes=\"(max-width: 768px) 100vw, 768px\" \/><\/figure>\n<\/figure>\n<\/div>\n<\/div>\n\n\n\n<p><\/p>\n\n\n\n<h2 class=\"wp-block-heading\">Die Vor-Oratorianer f\u00fchren die Beichtseelsorge der Kapuziner fort<\/h2>\n\n\n\n<figure class=\"wp-block-image size-large\"><img loading=\"lazy\" decoding=\"async\" width=\"1024\" height=\"439\" src=\"https:\/\/oratorium-ingolstadt.de\/wp-content\/uploads\/2023\/04\/230414-DK-S.-23-Sp.-1-1024x439.jpg\" alt=\"\" class=\"wp-image-694\" srcset=\"https:\/\/oratorium-ingolstadt.de\/wp-content\/uploads\/2023\/04\/230414-DK-S.-23-Sp.-1-1024x439.jpg 1024w, https:\/\/oratorium-ingolstadt.de\/wp-content\/uploads\/2023\/04\/230414-DK-S.-23-Sp.-1-300x128.jpg 300w, https:\/\/oratorium-ingolstadt.de\/wp-content\/uploads\/2023\/04\/230414-DK-S.-23-Sp.-1-768x329.jpg 768w, https:\/\/oratorium-ingolstadt.de\/wp-content\/uploads\/2023\/04\/230414-DK-S.-23-Sp.-1-1536x658.jpg 1536w, https:\/\/oratorium-ingolstadt.de\/wp-content\/uploads\/2023\/04\/230414-DK-S.-23-Sp.-1-2048x877.jpg 2048w\" sizes=\"(max-width: 1024px) 100vw, 1024px\" \/><figcaption class=\"wp-element-caption\">aus dem Ingolst\u00e4dter Donaukurier vom 14.04.2023, S. 23, Sp. 1<\/figcaption><\/figure>\n\n\n\n<h2 class=\"wp-block-heading\">Jetzt NEU &#8212; Unser Schnupperwochenende f\u00fcr Interessenten 10.-12. M\u00e4rz 2023<\/h2>\n\n\n\n<figure class=\"wp-block-image size-large\"><img loading=\"lazy\" decoding=\"async\" width=\"838\" height=\"595\" src=\"https:\/\/oratorium-ingolstadt.de\/wp-content\/uploads\/2022\/12\/Flyer-Schnuppertage-1.jpg\" alt=\"\" class=\"wp-image-671\" srcset=\"https:\/\/oratorium-ingolstadt.de\/wp-content\/uploads\/2022\/12\/Flyer-Schnuppertage-1.jpg 838w, https:\/\/oratorium-ingolstadt.de\/wp-content\/uploads\/2022\/12\/Flyer-Schnuppertage-1-300x213.jpg 300w, https:\/\/oratorium-ingolstadt.de\/wp-content\/uploads\/2022\/12\/Flyer-Schnuppertage-1-768x545.jpg 768w\" sizes=\"(max-width: 838px) 100vw, 838px\" \/><\/figure>\n\n\n\n<h2 class=\"wp-block-heading\">Philipp Neri &#8212; Apostel der Freude<\/h2>\n\n\n\n<p>Am Donnerstag, 18.08. wurde bereits der vierte und letzte Teil der Biografie f\u00fcr Radio Gloria Schweiz aufgezeichnet. Schaut doch bei Radio Gloria vorbei, wann dort Teil 3 und Teil 4 gesendet werden. Der Termin f\u00fcr Teil 3 auf Radio Horeb wird der 13. September sein, 14 Uhr in der Reihe Spiritualit\u00e4t.<\/p>\n\n\n\n<p>Teil 2 der Biografie, erz\u00e4hlt von P. Ralph am 28. Juli 2022 auf Radio Horeb<br>hier zum Nachh\u00f6ren:<\/p>\n\n\n\n<p><a href=\"https:\/\/www.horeb.org\/mediathek\/podcasts\/spiritualitaet\/?tx_sicpodcastlist_pi1%5Buid%5D=47289&amp;tx_sicpodcastlist_pi1%5Baction%5D=show&amp;tx_sicpodcastlist_pi1%5Bcontroller%5D=Podcast&amp;cHash=1636146e374b7c3f4d04ee25af23ccaa\">Spiritualit\u00e4t | radio horeb<\/a><\/p>\n\n\n\n<p>Teil 1 der Biografie, erz\u00e4hlt von P. Ralph am 24. Mai 2022 auf Radio Horeb<br>hier zum Nachh\u00f6ren:<\/p>\n\n\n\n<p><a href=\"https:\/\/www.horeb.org\/mediathek\/podcasts\/spiritualitaet\/?tx_sicpodcastlist_pi1%5Buid%5D=46348&amp;tx_sicpodcastlist_pi1%5Baction%5D=show&amp;tx_sicpodcastlist_pi1%5Bcontroller%5D=Podcast&amp;cHash=1d2964005772cfa330c4ade8d222a299\">Spiritualit\u00e4t | radio horeb<\/a><\/p>\n\n\n\n<p>n\u00e4chste Termine auf Radio Horeb:<br>Teil 2 am Donnerstag, 28. Juli 2022 um 14 Uhr<br>Teil 3 am Dienstag, 13, September 2022 um 14 Uhr<\/p>\n\n\n\n<h2 class=\"wp-block-heading\">Die Berufungsgeschichte von P. Ralph auf Radio Horeb vom 08.07.2021<\/h2>\n\n\n\n<p><a href=\"https:\/\/www.horeb.org\/programm\/news-beitraege\/details\/news\/berufungsgeschichte-2\/\"><a href=\"https:\/\/www.horeb.org\/mediathek\/podcasts\/spiritualitaet\/?tx_sicpodcastlist_pi1%5Buid%5D=44142&amp;tx_sicpodcastlist_pi1%5Baction%5D=show&amp;tx_sicpodcastlist_pi1%5Bcontroller%5D=Podcast&amp;cHash=171d63024f2d475e4da80de04b4a367b\">Spiritualit\u00e4t | radio horeb<\/a><\/a><\/p>\n\n\n\n<figure class=\"wp-block-image size-large\"><img loading=\"lazy\" decoding=\"async\" width=\"1024\" height=\"1024\" src=\"https:\/\/oratorium-ingolstadt.de\/wp-content\/uploads\/2022\/02\/Werbung-Insta-quadratisch-1024x1024.jpg\" alt=\"\" class=\"wp-image-547\" srcset=\"https:\/\/oratorium-ingolstadt.de\/wp-content\/uploads\/2022\/02\/Werbung-Insta-quadratisch-1024x1024.jpg 1024w, https:\/\/oratorium-ingolstadt.de\/wp-content\/uploads\/2022\/02\/Werbung-Insta-quadratisch-300x300.jpg 300w, https:\/\/oratorium-ingolstadt.de\/wp-content\/uploads\/2022\/02\/Werbung-Insta-quadratisch-150x150.jpg 150w, https:\/\/oratorium-ingolstadt.de\/wp-content\/uploads\/2022\/02\/Werbung-Insta-quadratisch-768x768.jpg 768w, https:\/\/oratorium-ingolstadt.de\/wp-content\/uploads\/2022\/02\/Werbung-Insta-quadratisch.jpg 1080w\" sizes=\"(max-width: 1024px) 100vw, 1024px\" \/><\/figure>\n\n\n\n<h2 class=\"wp-block-heading\">10.08.2021 \u2013 Wir sind umgezogen, ins Canisiuskonvikt Ingolstadt<\/h2>\n\n\n\n<figure class=\"wp-block-image size-large\"><img loading=\"lazy\" decoding=\"async\" width=\"768\" height=\"1024\" src=\"http:\/\/oratorium-ingolstadt.de\/wp-content\/uploads\/2021\/08\/Umzug.jpg\" alt=\"\" class=\"wp-image-511\" srcset=\"https:\/\/oratorium-ingolstadt.de\/wp-content\/uploads\/2021\/08\/Umzug.jpg 768w, https:\/\/oratorium-ingolstadt.de\/wp-content\/uploads\/2021\/08\/Umzug-225x300.jpg 225w\" sizes=\"(max-width: 768px) 100vw, 768px\" \/><\/figure>\n\n\n\n<h2 class=\"wp-block-heading\">Beten ist sch\u00f6n \u2013 am 27. September geht es weiter !<\/h2>\n\n\n\n<figure class=\"wp-block-image size-large is-resized\"><img loading=\"lazy\" decoding=\"async\" width=\"724\" height=\"1024\" src=\"http:\/\/oratorium-ingolstadt.de\/wp-content\/uploads\/2021\/02\/Das-Leben-ist-scho\u0308n-Flyer-Otto-724x1024.jpg\" alt=\"\" class=\"wp-image-463\" style=\"width:580px;height:820px\" srcset=\"https:\/\/oratorium-ingolstadt.de\/wp-content\/uploads\/2021\/02\/Das-Leben-ist-scho\u0308n-Flyer-Otto-724x1024.jpg 724w, https:\/\/oratorium-ingolstadt.de\/wp-content\/uploads\/2021\/02\/Das-Leben-ist-scho\u0308n-Flyer-Otto-212x300.jpg 212w, https:\/\/oratorium-ingolstadt.de\/wp-content\/uploads\/2021\/02\/Das-Leben-ist-scho\u0308n-Flyer-Otto-768x1086.jpg 768w, https:\/\/oratorium-ingolstadt.de\/wp-content\/uploads\/2021\/02\/Das-Leben-ist-scho\u0308n-Flyer-Otto.jpg 794w\" sizes=\"(max-width: 724px) 100vw, 724px\" \/><\/figure>\n\n\n\n<p><strong>Ablauf (ohne Corona): <\/strong><\/p>\n\n\n\n<ul>\n<li>Ankommen in Stille (15 Minuten)<\/li>\n\n\n\n<li>kurzer Impuls (15 Minuten)<\/li>\n\n\n\n<li>Zeit zum Austausch (15 Minuten)<\/li>\n\n\n\n<li>Abschluss mit Gebet und Segen<\/li>\n\n\n\n<li>Vertiefung in einer Gastst\u00e4tte (45 Minuten)<\/li>\n<\/ul>\n\n\n\n<p>Eine neue Impulsreihe f\u00fcr alle, die neu im Glauben oder neue in Ingolstadt sind. Immer am letzten Montag des Monats um 19.30 Uhr in St. Moritz.<\/p>\n\n\n\n<h3 class=\"wp-block-heading has-text-align-left\"><em>KENNST DU DEN?<\/em><\/h3>\n\n\n<div class=\"wp-block-image\">\n<figure class=\"alignleft size-large is-resized\"><img loading=\"lazy\" decoding=\"async\" width=\"300\" height=\"463\" src=\"http:\/\/oratorium-ingolstadt.de\/wp-content\/uploads\/2021\/02\/Portraet-Philipp-Hubert.jpg\" alt=\"\" class=\"wp-image-457\" style=\"width:299px;height:461px\" srcset=\"https:\/\/oratorium-ingolstadt.de\/wp-content\/uploads\/2021\/02\/Portraet-Philipp-Hubert.jpg 300w, https:\/\/oratorium-ingolstadt.de\/wp-content\/uploads\/2021\/02\/Portraet-Philipp-Hubert-194x300.jpg 194w\" sizes=\"(max-width: 300px) 100vw, 300px\" \/><\/figure><\/div>\n\n\n<p>Am 25.02.2021 um 19:30 Uhr besteht die Gelegenheit ihn in einer Videokonferenz mit Pater Hubert (besser) kennen zu lernen. Mit dem Titel &#8222;Operation am offenen Herzen &#8211; oder wie der Hl. Geist das Herz von Philipp aufbrach&#8220; stellt Pater Hubert das spannende Leben Philipp Neris in einem Impulsreferat vor. Anschlie\u00dfend besteht die M\u00f6glichkeit f\u00fcr R\u00fcckfragen und schlie\u00dflich wollen wir in einen Gedankenaustausch eintreten, was dieser gro\u00dfe Heilige uns heute zu sagen hat.<\/p>\n\n\n\n<p>Wer an dieser Videokonferenz am Donnerstag, den 25.02.21 von 19.30 &#8211; ca. 20:30 Uhr teilnehmen m\u00f6chte, wird gebeten bis zum 22.02.2021 eine kurze E-Mail zu schicken an: <a href=\"mailto:hgerauer@bistum-eichstaett.de\">hgerauer@bistum-eichstaett.de<\/a> Die Zugangsdaten werden dann sp\u00e4testens am Mittwoch, den 24.02.21 per E-Mail mitgeteilt.<\/p>\n\n\n\n<p><\/p>\n\n\n\n<h2 class=\"wp-block-heading\">Ab 30.09.: Der Umgang mit Leid \u2013 Antworten aus dem Buch Ijob<\/h2>\n\n\n\n<p>Ab 30.09.20 bietet P. Hubert mit einem Team f\u00fcnf Abende zum Buch Ijob an. Wenn Du selbst an etwas zu knabbern hast, weil Dir Leid widerfahren ist, dann k\u00f6nnten Dir die Impulse, der Austausch und das Gebet eine Hilfe sein. Sei dabei!<\/p>\n\n\n\n<div class=\"wp-block-file\"><a id=\"wp-block-file--media-2a53c72f-8758-4f65-bb1b-d2cb704599b1\" href=\"http:\/\/oratorium-ingolstadt.de\/wp-content\/uploads\/2020\/09\/Flyer_Ijob_A6_final.pdf\">Flyer Ijob-Kurs (30.09.)<\/a><a href=\"http:\/\/oratorium-ingolstadt.de\/wp-content\/uploads\/2020\/09\/Flyer_Ijob_A6_final.pdf\" class=\"wp-block-file__button wp-element-button\" download aria-describedby=\"wp-block-file--media-2a53c72f-8758-4f65-bb1b-d2cb704599b1\">Herunterladen<\/a><\/div>\n\n\n\n<h2 class=\"wp-block-heading\"><strong>Portrait \u00fcber P. Ralph im Donaukurier vom 30.06.2020<\/strong><\/h2>\n\n\n\n<iframe loading=\"lazy\" width=\"560\" height=\"315\" src=\"https:\/\/www.donaukurier.de\/lokales\/ingolstadt\/Wirtschaftsjurist-Opernsaenger-Priester;art599,4615043\" allow=\"accelerometer; autoplay; encrypted-media; gyroscope; picture-in-picture\" allowfullscreen=\"\"><\/iframe>\n\n\n\n<h2 class=\"wp-block-heading\">Deo gratias ! \u2013 Wir haben einen neuen Priester im Oratorium !<\/h2>\n\n\n\n<figure class=\"wp-block-image size-large\"><img loading=\"lazy\" decoding=\"async\" width=\"768\" height=\"512\" src=\"http:\/\/oratorium-ingolstadt.de\/wp-content\/uploads\/2020\/05\/csm_priesterweihe-027_2edb5a146e.jpg\" alt=\"\" class=\"wp-image-365\" srcset=\"https:\/\/oratorium-ingolstadt.de\/wp-content\/uploads\/2020\/05\/csm_priesterweihe-027_2edb5a146e.jpg 768w, https:\/\/oratorium-ingolstadt.de\/wp-content\/uploads\/2020\/05\/csm_priesterweihe-027_2edb5a146e-300x200.jpg 300w\" sizes=\"(max-width: 768px) 100vw, 768px\" \/><figcaption class=\"wp-element-caption\"> pde-Foto: Anika Taiber-Groh , Bistum Eichst\u00e4tt<\/figcaption><\/figure>\n\n\n\n<p><\/p>\n\n\n\n<h2 class=\"wp-block-heading\">T\u00e4glicher geistlicher Impuls auf Instagram und Facebook<\/h2>\n\n\n\n<p>Seit 16. M\u00e4rz stellen wir t\u00e4glich einen kurzen geistlichen Impuls  aus dem Vor-Oratorium ins Netz. Auch wenn \u00f6ffentliche Gottesdienste untersagt sind und viele Menschen kaum mehr nach drau\u00dfen gehen, soll es an geistlicher Nahrung nicht fehlen. Wir sind dabei, unsere ersten Erfahrungen zu sammeln und freuen uns \u00fcber Euer Feedback.<\/p>\n\n\n\n<figure class=\"wp-block-embed is-type-rich is-provider-instagram wp-block-embed-instagram\"><div class=\"wp-block-embed__wrapper\">\nhttps:\/\/www.instagram.com\/p\/B93xHCeqgZL\n<\/div><\/figure>\n\n\n\n<figure class=\"wp-block-embed is-type-video is-provider-facebook wp-block-embed-facebook\"><div class=\"wp-block-embed__wrapper\">\nhttps:\/\/www.facebook.com\/Oratorium.Ingolstadt\/videos\/549637452575883\n<\/div><\/figure>\n\n\n\n<h2 class=\"wp-block-heading\">Mit P. Hubert im Buch Hiob lesen (seit 18.03. abgesagt)<\/h2>\n\n\n\n<p>In der Fastenzeit bietet unser P. Hubert einen Kurs zum Buch Ijob an. Ein spannendes Buch, das auch uns heute noch viel zu sagen hat! In diesem alttestamentlichen Buch geht es n\u00e4mlich ganz stark um das Leid. Warum ich? Wozu? Ja, das Leid ruft f\u00f6rmlich nach Antworten. <\/p>\n\n\n\n<p>M\u00f6chten Sie hierzu das Buch Ijob befragen und dies in einem Rahmen des Austausches und Gebetes tun? Falls ja, so kann Ihnen dieser Kurs helfen bei der Bew\u00e4ltigung Ihres pers\u00f6nlichen &#8222;Packerl&#8220;, das Sie gerade zu tragen haben. <\/p>\n\n\n\n<figure class=\"wp-block-image size-large\"><img loading=\"lazy\" decoding=\"async\" width=\"560\" height=\"396\" src=\"http:\/\/oratorium-ingolstadt.de\/wp-content\/uploads\/2020\/02\/Ijob_Flyer-2.jpg\" alt=\"\" class=\"wp-image-304\" srcset=\"https:\/\/oratorium-ingolstadt.de\/wp-content\/uploads\/2020\/02\/Ijob_Flyer-2.jpg 560w, https:\/\/oratorium-ingolstadt.de\/wp-content\/uploads\/2020\/02\/Ijob_Flyer-2-300x212.jpg 300w\" sizes=\"(max-width: 560px) 100vw, 560px\" \/><\/figure>\n\n\n\n<div class=\"wp-block-file\"><a id=\"wp-block-file--media-d8760d48-bdb9-4edd-abe6-e4d4fc1cdd6d\" href=\"http:\/\/oratorium-ingolstadt.de\/wp-content\/uploads\/2020\/02\/Ijob_Flyer.pdf\">Ijob_Flyer<\/a><a href=\"http:\/\/oratorium-ingolstadt.de\/wp-content\/uploads\/2020\/02\/Ijob_Flyer.pdf\" class=\"wp-block-file__button wp-element-button\" download aria-describedby=\"wp-block-file--media-d8760d48-bdb9-4edd-abe6-e4d4fc1cdd6d\">Herunterladen<\/a><\/div>\n\n\n\n<h2 class=\"wp-block-heading\">Heiligsprechung John Henry Kardinal Newman<\/h2>\n\n\n\n<p>Am 13. Oktober wird der selige John Henry Newman heilig gesprochen. Seine Verdienste f\u00fcr die Erneuerung des Glaubens und das Oratorium in England und aller Welt kann man kaum in Worte fassen. Deshalb laden wir alle ein, mit uns ab Freitag, dem 4. Oktober die Novene der englischen Oratorien zu beten.<\/p>\n\n\n\n<div class=\"wp-block-file\"><a id=\"wp-block-file--media-8e6058e1-67d0-46e2-b4d8-cac4df2c104e\" href=\"http:\/\/oratorium-ingolstadt.de\/wp-content\/uploads\/2019\/09\/Novene-zur-Heiligsprechung-Newman.pdf\">Novene zur Heiligsprechung Newman<\/a><a href=\"http:\/\/oratorium-ingolstadt.de\/wp-content\/uploads\/2019\/09\/Novene-zur-Heiligsprechung-Newman.pdf\" class=\"wp-block-file__button wp-element-button\" download aria-describedby=\"wp-block-file--media-8e6058e1-67d0-46e2-b4d8-cac4df2c104e\">Herunterladen<\/a><\/div>\n\n\n\n<p>Jetzt ist es offiziell: Wir sind eine Gemeinschaft in Gr\u00fcndung, laut Schreiben des Generalprokurators P. Michele Nicolis vom 11. Juli 2019.<\/p>\n\n\n\n<h2 class=\"wp-block-heading\">P. Lorenz als Moderator des Vor-Oratoriums eingesetzt<\/h2>\n\n\n\n<figure class=\"wp-block-image\"><img loading=\"lazy\" decoding=\"async\" width=\"745\" height=\"1024\" src=\"http:\/\/oratorium-ingolstadt.de\/wp-content\/uploads\/2019\/08\/Anerkennung-als-oratorio-in-formazione-745x1024.jpg\" alt=\"\" class=\"wp-image-232\" srcset=\"https:\/\/oratorium-ingolstadt.de\/wp-content\/uploads\/2019\/08\/Anerkennung-als-oratorio-in-formazione-745x1024.jpg 745w, https:\/\/oratorium-ingolstadt.de\/wp-content\/uploads\/2019\/08\/Anerkennung-als-oratorio-in-formazione-218x300.jpg 218w, https:\/\/oratorium-ingolstadt.de\/wp-content\/uploads\/2019\/08\/Anerkennung-als-oratorio-in-formazione-768x1056.jpg 768w, https:\/\/oratorium-ingolstadt.de\/wp-content\/uploads\/2019\/08\/Anerkennung-als-oratorio-in-formazione.jpg 1700w\" sizes=\"(max-width: 745px) 100vw, 745px\" \/><\/figure>\n\n\n\n<p>Seit 29. Juni haben wir einen neuen Diakon im Vor-Oratorium: fr. Ralph. <br>Wir gratulieren herzlich!<\/p>\n\n\n\n<figure class=\"wp-block-image\"><img loading=\"lazy\" decoding=\"async\" width=\"635\" height=\"723\" src=\"http:\/\/oratorium-ingolstadt.de\/wp-content\/uploads\/2019\/07\/Handauflegung-Diakonenweihe.jpg\" alt=\"\" class=\"wp-image-229\" srcset=\"https:\/\/oratorium-ingolstadt.de\/wp-content\/uploads\/2019\/07\/Handauflegung-Diakonenweihe.jpg 635w, https:\/\/oratorium-ingolstadt.de\/wp-content\/uploads\/2019\/07\/Handauflegung-Diakonenweihe-263x300.jpg 263w\" sizes=\"(max-width: 635px) 100vw, 635px\" \/><\/figure>\n\n\n\n<p>Wir haben einen neuen Priester im Oratorium: P. Hubert! Gott sei Dank!<\/p>\n\n\n\n<figure class=\"wp-block-image\"><img loading=\"lazy\" decoding=\"async\" width=\"894\" height=\"1024\" src=\"http:\/\/oratorium-ingolstadt.de\/wp-content\/uploads\/2019\/06\/Hubert-beim-Pfarrfest-M\u00fcnster-zugeschnitten-894x1024.jpg\" alt=\"\" class=\"wp-image-209\" srcset=\"https:\/\/oratorium-ingolstadt.de\/wp-content\/uploads\/2019\/06\/Hubert-beim-Pfarrfest-M\u00fcnster-zugeschnitten-894x1024.jpg 894w, https:\/\/oratorium-ingolstadt.de\/wp-content\/uploads\/2019\/06\/Hubert-beim-Pfarrfest-M\u00fcnster-zugeschnitten-262x300.jpg 262w, https:\/\/oratorium-ingolstadt.de\/wp-content\/uploads\/2019\/06\/Hubert-beim-Pfarrfest-M\u00fcnster-zugeschnitten-768x880.jpg 768w, https:\/\/oratorium-ingolstadt.de\/wp-content\/uploads\/2019\/06\/Hubert-beim-Pfarrfest-M\u00fcnster-zugeschnitten.jpg 1767w\" sizes=\"(max-width: 894px) 100vw, 894px\" \/><\/figure>\n\n\n\n<p> Am <strong>11. Mai<\/strong> ist die <strong>Priesterweihe von fr. Hubert<\/strong>. N\u00e4heres findet sich hier im Pfarrbrief der M\u00fcnsterpfarrei: <\/p>\n\n\n\n<figure class=\"wp-block-embed is-type-video is-provider-youtube wp-block-embed-youtube wp-embed-aspect-16-9 wp-has-aspect-ratio\"><div class=\"wp-block-embed__wrapper\">\n<iframe loading=\"lazy\" title=\"Auf dem Weg zum Priester: Hubert Gerauer\" width=\"780\" height=\"439\" src=\"https:\/\/www.youtube.com\/embed\/cFx_mXdM4Nk?feature=oembed\" frameborder=\"0\" allow=\"accelerometer; autoplay; clipboard-write; encrypted-media; gyroscope; picture-in-picture; web-share\" referrerpolicy=\"strict-origin-when-cross-origin\" allowfullscreen><\/iframe>\n<\/div><figcaption class=\"wp-element-caption\">Das Promo-Video des Bistums Eichst\u00e4tt zur Priesterweihe von fr. Hubert!<\/figcaption><\/figure>\n\n\n\n<div class=\"wp-block-file\"><a id=\"wp-block-file--media-9f5f0856-22f5-42e3-807c-1356a2ccc0dc\" href=\"http:\/\/oratorium-ingolstadt.de\/wp-content\/uploads\/2019\/04\/Muenster_IN_Pfarrbrief_2019_Seiten14f.pdf\">Muenster_IN_Pfarrbrief_2019_Seiten14f<\/a><a href=\"http:\/\/oratorium-ingolstadt.de\/wp-content\/uploads\/2019\/04\/Muenster_IN_Pfarrbrief_2019_Seiten14f.pdf\" class=\"wp-block-file__button wp-element-button\" download aria-describedby=\"wp-block-file--media-9f5f0856-22f5-42e3-807c-1356a2ccc0dc\">Herunterladen<\/a><\/div>\n\n\n<h5>Wir haben einen neuen Diakon!<\/h5>\n<p>Am 23.06.2018 wurde Fr. Hubert in Eichst\u00e4tt zum Diakon geweiht.<br \/>Danke f\u00fcr alles Gebet, alle Unterst\u00fctzung und Geschenke.<\/p>\n<p><img loading=\"lazy\" decoding=\"async\" class=\"alignnone size-medium wp-image-10\" src=\"http:\/\/oratorium-ingolstadt.de\/wp-content\/uploads\/2018\/08\/Handauflegung-Diakonenweihe-Hubert-300x200.jpg\" alt=\"\" width=\"300\" height=\"200\" srcset=\"https:\/\/oratorium-ingolstadt.de\/wp-content\/uploads\/2018\/08\/Handauflegung-Diakonenweihe-Hubert-300x200.jpg 300w, https:\/\/oratorium-ingolstadt.de\/wp-content\/uploads\/2018\/08\/Handauflegung-Diakonenweihe-Hubert.jpg 768w\" sizes=\"(max-width: 300px) 100vw, 300px\" \/><\/p>\n<p>Foto: Norbert Staudt, Bistum Eichst\u00e4tt<\/p>\n\n\n<p><\/p>\n\n\n\n<p><\/p>\n\n\n\n<p><\/p>\n","protected":false},"excerpt":{"rendered":"<p>01. November 2025: Erhebung des ersten Oratorianers zum 38. Kirchenlehrer. Papst Leo nimmt John Henry Kardinal Newman in die Liste der Kirchenlehrer auf. Der englische Kardinal, der von 1801 bis&hellip; <\/p>\n","protected":false},"author":1,"featured_media":0,"parent":0,"menu_order":0,"comment_status":"closed","ping_status":"closed","template":"","meta":{"footnotes":""},"_links":{"self":[{"href":"https:\/\/oratorium-ingolstadt.de\/index.php?rest_route=\/wp\/v2\/pages\/28"}],"collection":[{"href":"https:\/\/oratorium-ingolstadt.de\/index.php?rest_route=\/wp\/v2\/pages"}],"about":[{"href":"https:\/\/oratorium-ingolstadt.de\/index.php?rest_route=\/wp\/v2\/types\/page"}],"author":[{"embeddable":true,"href":"https:\/\/oratorium-ingolstadt.de\/index.php?rest_route=\/wp\/v2\/users\/1"}],"replies":[{"embeddable":true,"href":"https:\/\/oratorium-ingolstadt.de\/index.php?rest_route=%2Fwp%2Fv2%2Fcomments&post=28"}],"version-history":[{"count":56,"href":"https:\/\/oratorium-ingolstadt.de\/index.php?rest_route=\/wp\/v2\/pages\/28\/revisions"}],"predecessor-version":[{"id":820,"href":"https:\/\/oratorium-ingolstadt.de\/index.php?rest_route=\/wp\/v2\/pages\/28\/revisions\/820"}],"wp:attachment":[{"href":"https:\/\/oratorium-ingolstadt.de\/index.php?rest_route=%2Fwp%2Fv2%2Fmedia&parent=28"}],"curies":[{"name":"wp","href":"https:\/\/api.w.org\/{rel}","templated":true}]}}